{"id":1014,"date":"2023-02-07T11:17:35","date_gmt":"2023-02-07T10:17:35","guid":{"rendered":"https:\/\/www.illustrateur.pro\/?post_type=project&#038;p=1014"},"modified":"2023-03-09T10:21:19","modified_gmt":"2023-03-09T09:21:19","slug":"1014","status":"publish","type":"project","link":"https:\/\/www.illustrateur.pro\/index.php\/project\/1014\/","title":{"rendered":"Illustration 3D : Article Linkedin"},"content":{"rendered":"<p>[et_pb_section fb_built=\u00a0\u00bb1&Prime; admin_label=\u00a0\u00bbProjects\u00a0\u00bb _builder_version=\u00a0\u00bb4.16&Prime; custom_margin=\u00a0\u00bb20px||20px|\u00a0\u00bb custom_padding=\u00a0\u00bb0px||0||false|false\u00a0\u00bb global_colors_info=\u00a0\u00bb{}\u00a0\u00bb][et_pb_row _builder_version=\u00a0\u00bb4.16&Prime; background_size=\u00a0\u00bbinitial\u00a0\u00bb background_position=\u00a0\u00bbtop_left\u00a0\u00bb background_repeat=\u00a0\u00bbrepeat\u00a0\u00bb custom_padding=\u00a0\u00bb45px||45px||false|false\u00a0\u00bb hover_enabled=\u00a0\u00bb0&Prime; locked=\u00a0\u00bboff\u00a0\u00bb global_colors_info=\u00a0\u00bb{}\u00a0\u00bb sticky_enabled=\u00a0\u00bb0&Prime;][et_pb_column type=\u00a0\u00bb4_4&Prime; _builder_version=\u00a0\u00bb4.16&Prime; custom_padding=\u00a0\u00bb|||\u00a0\u00bb global_colors_info=\u00a0\u00bb{}\u00a0\u00bb custom_padding__hover=\u00a0\u00bb|||\u00a0\u00bb][et_pb_image src=\u00a0\u00bbhttps:\/\/www.illustrateur.pro\/wp-content\/uploads\/2023\/03\/Cosmetique-Article3D-H.jpg\u00a0\u00bb alt=\u00a0\u00bbVisuel 3D de produits cosm\u00e9tique pour illustrer un article.\u00a0\u00bb title_text=\u00a0\u00bbCosmetique-Article3D-H\u00a0\u00bb align=\u00a0\u00bbcenter\u00a0\u00bb _builder_version=\u00a0\u00bb4.20.1&Prime; hover_enabled=\u00a0\u00bb0&Prime; global_colors_info=\u00a0\u00bb{}\u00a0\u00bb sticky_enabled=\u00a0\u00bb0&Prime;][\/et_pb_image][et_pb_blurb title=\u00a0\u00bbIllustration 3D : Article Linkedin\u00a0\u00bb url=\u00a0\u00bb#\u00a0\u00bb image=\u00a0\u00bbhttps:\/\/www.illustrateur.pro\/wp-content\/uploads\/2023\/03\/2023-02-07-1.jpg\u00a0\u00bb alt=\u00a0\u00bbessai de couverture Magazine hors serie Beaux Arts\u00a0\u00bb content_max_width=\u00a0\u00bb1100px\u00a0\u00bb admin_label=\u00a0\u00bbProject\u00a0\u00bb _builder_version=\u00a0\u00bb4.20.1&Prime; header_level=\u00a0\u00bbh2&Prime; header_font=\u00a0\u00bbMontserrat|600|||||||\u00a0\u00bb header_font_size=\u00a0\u00bb20px\u00a0\u00bb header_line_height=\u00a0\u00bb1.3em\u00a0\u00bb body_font=\u00a0\u00bb||||||||\u00a0\u00bb body_font_size=\u00a0\u00bb16px\u00a0\u00bb body_line_height=\u00a0\u00bb1.8em\u00a0\u00bb background_size=\u00a0\u00bbinitial\u00a0\u00bb background_position=\u00a0\u00bbtop_left\u00a0\u00bb background_repeat=\u00a0\u00bbrepeat\u00a0\u00bb width=\u00a0\u00bb100%\u00a0\u00bb max_width=\u00a0\u00bb100%\u00a0\u00bb min_height=\u00a0\u00bb100px\u00a0\u00bb animation_direction=\u00a0\u00bbbottom\u00a0\u00bb animation=\u00a0\u00bboff\u00a0\u00bb hover_enabled=\u00a0\u00bb0&Prime; global_colors_info=\u00a0\u00bb{}\u00a0\u00bb sticky_enabled=\u00a0\u00bb0&Prime;]<\/p>\n<p><strong><\/strong>R\u00e9alisation d&rsquo;un <strong>visuel 3D<\/strong> pour un article sur les imperfections dans la <strong>3D<\/strong> sur Linkedin.<br \/>Plus d&rsquo;information sur l&rsquo;article dans la partie <a href=\"https:\/\/www.illustrateur.pro\/index.php\/2023\/03\/07\/929\/\">blog : la 3D c&rsquo;est sale !<\/a>\u00a0 J&rsquo;ai <strong>mod\u00e9lis\u00e9<\/strong> des volumes simples, cr\u00e9\u00e9 le <strong>graphisme<\/strong> sur les <strong>packs<\/strong>. Je reproduis les <strong>environnements<\/strong> \u00ab\u00a0standard\u00a0\u00bb du monde de la <strong>cosm\u00e9tique<\/strong> pour faire le lien avec le <strong>photor\u00e9alisme<\/strong> et les imperfections.<\/p>\n<p>[\/et_pb_blurb][et_pb_image src=\u00a0\u00bbhttps:\/\/www.illustrateur.pro\/wp-content\/uploads\/2023\/03\/2023-02-07.jpg\u00a0\u00bb alt=\u00a0\u00bbIllustration 2D\/3D : Annonce presse Les \u00e9co-isolateurs\u00a0\u00bb title_text=\u00a0\u00bb2023-02-07&Prime; _builder_version=\u00a0\u00bb4.20.1&Prime; global_colors_info=\u00a0\u00bb{}\u00a0\u00bb][\/et_pb_image][\/et_pb_column][\/et_pb_row][et_pb_row _builder_version=\u00a0\u00bb4.16&Prime; background_color=\u00a0\u00bbrgba(214,214,214,0.17)\u00a0\u00bb min_height=\u00a0\u00bb30px\u00a0\u00bb custom_margin=\u00a0\u00bb-20px||0px\u00a0\u00bb global_colors_info=\u00a0\u00bb{}\u00a0\u00bb][et_pb_column type=\u00a0\u00bb4_4&Prime; _builder_version=\u00a0\u00bb4.16&Prime; custom_padding=\u00a0\u00bb|||\u00a0\u00bb global_colors_info=\u00a0\u00bb{}\u00a0\u00bb custom_padding__hover=\u00a0\u00bb|||\u00a0\u00bb][et_pb_blurb use_icon=\u00a0\u00bbon\u00a0\u00bb font_icon=\u00a0\u00bb&#xe08a;||divi||400&Prime; icon_color=\u00a0\u00bb#000000&Prime; icon_placement=\u00a0\u00bbleft\u00a0\u00bb image_icon_width=\u00a0\u00bb20px\u00a0\u00bb content_max_width=\u00a0\u00bb1100px\u00a0\u00bb image_icon_width_last_edited=\u00a0\u00bboff|desktop\u00a0\u00bb _builder_version=\u00a0\u00bb4.20.1&Prime; header_font=\u00a0\u00bb||||||||\u00a0\u00bb body_font=\u00a0\u00bb||||||||\u00a0\u00bb custom_margin=\u00a0\u00bb0px|0px|-30px|10px\u00a0\u00bb custom_padding=\u00a0\u00bb0px||0px|||\u00a0\u00bb animation_style=\u00a0\u00bbfold\u00a0\u00bb animation_direction=\u00a0\u00bbbottom\u00a0\u00bb animation_intensity_fold=\u00a0\u00bb20%\u00a0\u00bb border_style_all=\u00a0\u00bbnone\u00a0\u00bb icon_font_size=\u00a0\u00bb20px\u00a0\u00bb icon_font_size_last_edited=\u00a0\u00bboff|desktop\u00a0\u00bb locked=\u00a0\u00bboff\u00a0\u00bb global_colors_info=\u00a0\u00bb{}\u00a0\u00bb]<\/p>\n<ul>\n<li>Date : F\u00e9vrier, 2023<\/li>\n<li><span>Cat\u00e9gorie : illustration 3D &#8211; mod\u00e9lisation<br \/><\/span><\/li>\n<\/ul>\n<p>[\/et_pb_blurb][\/et_pb_column][\/et_pb_row][\/et_pb_section]<\/p>\n","protected":false},"excerpt":{"rendered":"<p>R\u00e9alisation d&rsquo;un visuel 3D pour un article sur les imperfections dans la 3D sur Linkedin.Plus d&rsquo;information sur l&rsquo;article dans la partie blog : la 3D c&rsquo;est sale !\u00a0 J&rsquo;ai mod\u00e9lis\u00e9 des volumes simples, cr\u00e9\u00e9 le graphisme sur les packs. Je reproduis les environnements \u00ab\u00a0standard\u00a0\u00bb du monde de la cosm\u00e9tique pour faire le lien avec le [&hellip;]<\/p>\n","protected":false},"author":1,"featured_media":1017,"comment_status":"open","ping_status":"closed","template":"","meta":{"_et_pb_use_builder":"on","_et_pb_old_content":"","_et_gb_content_width":"","footnotes":""},"project_category":[7,6,19],"project_tag":[15,21,10,20,23],"class_list":["post-1014","project","type-project","status-publish","has-post-thumbnail","hentry","project_category-3d","project_category-illustration","project_category-modelisation","project_tag-3d","project_tag-graphisme","project_tag-illustration","project_tag-modelisation","project_tag-technique"],"_links":{"self":[{"href":"https:\/\/www.illustrateur.pro\/index.php\/wp-json\/wp\/v2\/project\/1014","targetHints":{"allow":["GET"]}}],"collection":[{"href":"https:\/\/www.illustrateur.pro\/index.php\/wp-json\/wp\/v2\/project"}],"about":[{"href":"https:\/\/www.illustrateur.pro\/index.php\/wp-json\/wp\/v2\/types\/project"}],"author":[{"embeddable":true,"href":"https:\/\/www.illustrateur.pro\/index.php\/wp-json\/wp\/v2\/users\/1"}],"replies":[{"embeddable":true,"href":"https:\/\/www.illustrateur.pro\/index.php\/wp-json\/wp\/v2\/comments?post=1014"}],"version-history":[{"count":8,"href":"https:\/\/www.illustrateur.pro\/index.php\/wp-json\/wp\/v2\/project\/1014\/revisions"}],"predecessor-version":[{"id":1040,"href":"https:\/\/www.illustrateur.pro\/index.php\/wp-json\/wp\/v2\/project\/1014\/revisions\/1040"}],"wp:featuredmedia":[{"embeddable":true,"href":"https:\/\/www.illustrateur.pro\/index.php\/wp-json\/wp\/v2\/media\/1017"}],"wp:attachment":[{"href":"https:\/\/www.illustrateur.pro\/index.php\/wp-json\/wp\/v2\/media?parent=1014"}],"wp:term":[{"taxonomy":"project_category","embeddable":true,"href":"https:\/\/www.illustrateur.pro\/index.php\/wp-json\/wp\/v2\/project_category?post=1014"},{"taxonomy":"project_tag","embeddable":true,"href":"https:\/\/www.illustrateur.pro\/index.php\/wp-json\/wp\/v2\/project_tag?post=1014"}],"curies":[{"name":"wp","href":"https:\/\/api.w.org\/{rel}","templated":true}]}}