{"id":750,"date":"2021-10-12T10:40:49","date_gmt":"2021-10-12T08:40:49","guid":{"rendered":"https:\/\/www.illustrateur.pro\/?post_type=project&#038;p=750"},"modified":"2021-10-12T11:47:05","modified_gmt":"2021-10-12T09:47:05","slug":"750","status":"publish","type":"project","link":"https:\/\/www.illustrateur.pro\/index.php\/project\/750\/","title":{"rendered":"Illustration de couverture pour Beaux Arts \u00e9ditions"},"content":{"rendered":"<p>[et_pb_section fb_built=\u00a0\u00bb1&Prime; admin_label=\u00a0\u00bbProjects\u00a0\u00bb _builder_version=\u00a0\u00bb3.22.3&Prime; custom_margin=\u00a0\u00bb20px||20px|\u00a0\u00bb custom_padding=\u00a0\u00bb0px||0||false|false\u00a0\u00bb global_colors_info=\u00a0\u00bb{}\u00a0\u00bb][et_pb_row _builder_version=\u00a0\u00bb3.25&Prime; background_size=\u00a0\u00bbinitial\u00a0\u00bb background_position=\u00a0\u00bbtop_left\u00a0\u00bb background_repeat=\u00a0\u00bbrepeat\u00a0\u00bb custom_padding=\u00a0\u00bb45px||45px||false|false\u00a0\u00bb locked=\u00a0\u00bboff\u00a0\u00bb global_colors_info=\u00a0\u00bb{}\u00a0\u00bb][et_pb_column type=\u00a0\u00bb4_4&Prime; _builder_version=\u00a0\u00bb3.25&Prime; custom_padding=\u00a0\u00bb|||\u00a0\u00bb global_colors_info=\u00a0\u00bb{}\u00a0\u00bb custom_padding__hover=\u00a0\u00bb|||\u00a0\u00bb][et_pb_image src=\u00a0\u00bbhttps:\/\/www.illustrateur.pro\/wp-content\/uploads\/2021\/10\/BeauxArtsEd-illustration-couv.jpg\u00a0\u00bb alt=\u00a0\u00bbMagazine hors serie Beaux Arts\u00a0\u00bb title_text=\u00a0\u00bbBeauxArtsEd-illustration-couv\u00a0\u00bb align=\u00a0\u00bbcenter\u00a0\u00bb _builder_version=\u00a0\u00bb4.10.8&Prime; global_colors_info=\u00a0\u00bb{}\u00a0\u00bb][\/et_pb_image][et_pb_blurb title=\u00a0\u00bbIllustration 3D : Couverture d&rsquo;un hors s\u00e9rie Beaux Arts\u00a0\u00bb url=\u00a0\u00bb#\u00a0\u00bb image=\u00a0\u00bbhttps:\/\/www.illustrateur.pro\/wp-content\/uploads\/2021\/10\/Lafosse-Laurent-illustration-3D-couv.jpg\u00a0\u00bb alt=\u00a0\u00bbessai de couverture Magazine hors serie Beaux Arts\u00a0\u00bb content_max_width=\u00a0\u00bb1100px\u00a0\u00bb admin_label=\u00a0\u00bbProject\u00a0\u00bb _builder_version=\u00a0\u00bb4.10.8&Prime; header_level=\u00a0\u00bbh2&Prime; header_font=\u00a0\u00bbMontserrat|600|||||||\u00a0\u00bb header_font_size=\u00a0\u00bb20px\u00a0\u00bb header_line_height=\u00a0\u00bb1.3em\u00a0\u00bb body_font=\u00a0\u00bb||||||||\u00a0\u00bb body_font_size=\u00a0\u00bb16px\u00a0\u00bb body_line_height=\u00a0\u00bb1.8em\u00a0\u00bb background_size=\u00a0\u00bbinitial\u00a0\u00bb background_position=\u00a0\u00bbtop_left\u00a0\u00bb background_repeat=\u00a0\u00bbrepeat\u00a0\u00bb width=\u00a0\u00bb100%\u00a0\u00bb max_width=\u00a0\u00bb100%\u00a0\u00bb min_height=\u00a0\u00bb100px\u00a0\u00bb animation_direction=\u00a0\u00bbbottom\u00a0\u00bb animation=\u00a0\u00bboff\u00a0\u00bb global_colors_info=\u00a0\u00bb{}\u00a0\u00bb]<\/p>\n<p><strong><\/strong>R\u00e9alisation de l&rsquo;<strong>illustration<\/strong> de <strong>couverture<\/strong> d&rsquo;un hors s\u00e9rie <strong>Beaux Arts \u00e9ditions<\/strong> \u00e0 partir d&rsquo;un photo-montage finalis\u00e9 de Bernard Borel. Illustration <strong>3D<\/strong> puis <strong>retouche<\/strong> Photoshop. Livraison des fichiers en RVB &#8211; CMYK.<\/p>\n<p>[\/et_pb_blurb][et_pb_gallery gallery_ids=\u00a0\u00bb760,759,758,757&Prime; orientation=\u00a0\u00bbportrait\u00a0\u00bb show_title_and_caption=\u00a0\u00bboff\u00a0\u00bb show_pagination=\u00a0\u00bboff\u00a0\u00bb module_class=\u00a0\u00bbpa-image-gallery-1-1&Prime; _builder_version=\u00a0\u00bb4.10.8&Prime; _module_preset=\u00a0\u00bbdefault\u00a0\u00bb width=\u00a0\u00bb100%\u00a0\u00bb max_width=\u00a0\u00bb100%\u00a0\u00bb min_height=\u00a0\u00bb292px\u00a0\u00bb height=\u00a0\u00bb1000px\u00a0\u00bb max_height=\u00a0\u00bb306px\u00a0\u00bb global_colors_info=\u00a0\u00bb{}\u00a0\u00bb][\/et_pb_gallery][et_pb_image src=\u00a0\u00bbhttps:\/\/www.illustrateur.pro\/wp-content\/uploads\/2021\/10\/BeauxArtsEd-illustration-couv_WIP02.jpg\u00a0\u00bb alt=\u00a0\u00bb\u00e9cran de travail de la couvertureMagazine hors serie Beaux Arts\u00a0\u00bb title_text=\u00a0\u00bbLafosse-Laurent BeauxArtsEd-illustration-couv_WIP02&Prime; _builder_version=\u00a0\u00bb4.10.8&Prime; global_colors_info=\u00a0\u00bb{}\u00a0\u00bb][\/et_pb_image][\/et_pb_column][\/et_pb_row][et_pb_row _builder_version=\u00a0\u00bb3.25&Prime; background_color=\u00a0\u00bbrgba(214,214,214,0.17)\u00a0\u00bb min_height=\u00a0\u00bb30px\u00a0\u00bb custom_margin=\u00a0\u00bb-20px||0px\u00a0\u00bb global_colors_info=\u00a0\u00bb{}\u00a0\u00bb][et_pb_column type=\u00a0\u00bb4_4&Prime; _builder_version=\u00a0\u00bb3.25&Prime; custom_padding=\u00a0\u00bb|||\u00a0\u00bb global_colors_info=\u00a0\u00bb{}\u00a0\u00bb custom_padding__hover=\u00a0\u00bb|||\u00a0\u00bb][et_pb_blurb use_icon=\u00a0\u00bbon\u00a0\u00bb font_icon=\u00a0\u00bb%%258%%\u00a0\u00bb icon_color=\u00a0\u00bb#000000&Prime; icon_placement=\u00a0\u00bbleft\u00a0\u00bb content_max_width=\u00a0\u00bb1100px\u00a0\u00bb use_icon_font_size=\u00a0\u00bbon\u00a0\u00bb icon_font_size=\u00a0\u00bb20px\u00a0\u00bb icon_font_size_last_edited=\u00a0\u00bboff|desktop\u00a0\u00bb _builder_version=\u00a0\u00bb4.10.8&Prime; header_font=\u00a0\u00bb||||||||\u00a0\u00bb body_font=\u00a0\u00bb||||||||\u00a0\u00bb custom_margin=\u00a0\u00bb0px|0px|-30px|10px\u00a0\u00bb custom_padding=\u00a0\u00bb0px||0px|||\u00a0\u00bb animation_style=\u00a0\u00bbfold\u00a0\u00bb animation_direction=\u00a0\u00bbbottom\u00a0\u00bb animation_intensity_fold=\u00a0\u00bb20%\u00a0\u00bb border_style_all=\u00a0\u00bbnone\u00a0\u00bb locked=\u00a0\u00bboff\u00a0\u00bb global_colors_info=\u00a0\u00bb{}\u00a0\u00bb]<\/p>\n<ul>\n<li>Client : Beaux Arts \u00e9ditions<\/li>\n<li>Date : Mai, 2021<\/li>\n<li><span>Cat\u00e9gorie : illustration 3D &#8211; Mod\u00e9lisation<\/span><\/li>\n<\/ul>\n<p>[\/et_pb_blurb][\/et_pb_column][\/et_pb_row][\/et_pb_section]<\/p>\n","protected":false},"excerpt":{"rendered":"<p>R\u00e9alisation de l&rsquo;illustration de couverture d&rsquo;un hors s\u00e9rie Beaux Arts \u00e9ditions \u00e0 partir d&rsquo;un photo-montage finalis\u00e9 de Bernard Borel. Illustration 3D puis retouche Photoshop. Livraison des fichiers en RVB &#8211; CMYK. Client : Beaux Arts \u00e9ditions Date : Mai, 2021 Cat\u00e9gorie : illustration 3D &#8211; Mod\u00e9lisation<\/p>\n","protected":false},"author":1,"featured_media":769,"comment_status":"open","ping_status":"closed","template":"","meta":{"_et_pb_use_builder":"on","_et_pb_old_content":"","_et_gb_content_width":"","footnotes":""},"project_category":[7,6,19],"project_tag":[15,21,10,20],"class_list":["post-750","project","type-project","status-publish","has-post-thumbnail","hentry","project_category-3d","project_category-illustration","project_category-modelisation","project_tag-3d","project_tag-graphisme","project_tag-illustration","project_tag-modelisation"],"_links":{"self":[{"href":"https:\/\/www.illustrateur.pro\/index.php\/wp-json\/wp\/v2\/project\/750","targetHints":{"allow":["GET"]}}],"collection":[{"href":"https:\/\/www.illustrateur.pro\/index.php\/wp-json\/wp\/v2\/project"}],"about":[{"href":"https:\/\/www.illustrateur.pro\/index.php\/wp-json\/wp\/v2\/types\/project"}],"author":[{"embeddable":true,"href":"https:\/\/www.illustrateur.pro\/index.php\/wp-json\/wp\/v2\/users\/1"}],"replies":[{"embeddable":true,"href":"https:\/\/www.illustrateur.pro\/index.php\/wp-json\/wp\/v2\/comments?post=750"}],"version-history":[{"count":8,"href":"https:\/\/www.illustrateur.pro\/index.php\/wp-json\/wp\/v2\/project\/750\/revisions"}],"predecessor-version":[{"id":773,"href":"https:\/\/www.illustrateur.pro\/index.php\/wp-json\/wp\/v2\/project\/750\/revisions\/773"}],"wp:featuredmedia":[{"embeddable":true,"href":"https:\/\/www.illustrateur.pro\/index.php\/wp-json\/wp\/v2\/media\/769"}],"wp:attachment":[{"href":"https:\/\/www.illustrateur.pro\/index.php\/wp-json\/wp\/v2\/media?parent=750"}],"wp:term":[{"taxonomy":"project_category","embeddable":true,"href":"https:\/\/www.illustrateur.pro\/index.php\/wp-json\/wp\/v2\/project_category?post=750"},{"taxonomy":"project_tag","embeddable":true,"href":"https:\/\/www.illustrateur.pro\/index.php\/wp-json\/wp\/v2\/project_tag?post=750"}],"curies":[{"name":"wp","href":"https:\/\/api.w.org\/{rel}","templated":true}]}}