{"id":979,"date":"2019-11-12T17:51:37","date_gmt":"2019-11-12T16:51:37","guid":{"rendered":"https:\/\/www.illustrateur.pro\/?post_type=project&#038;p=979"},"modified":"2025-02-11T17:02:00","modified_gmt":"2025-02-11T16:02:00","slug":"telecommande-maison-protegee-orange","status":"publish","type":"project","link":"https:\/\/www.illustrateur.pro\/index.php\/project\/telecommande-maison-protegee-orange\/","title":{"rendered":"Visuels t\u00e9l\u00e9commande maison prot\u00e9g\u00e9e &#8211; Orange"},"content":{"rendered":"<p>[et_pb_section fb_built=\u00a0\u00bb1&Prime; admin_label=\u00a0\u00bbProjects\u00a0\u00bb _builder_version=\u00a0\u00bb4.16&Prime; custom_margin=\u00a0\u00bb20px||20px|\u00a0\u00bb custom_padding=\u00a0\u00bb0px||0||false|false\u00a0\u00bb global_colors_info=\u00a0\u00bb{}\u00a0\u00bb][et_pb_row _builder_version=\u00a0\u00bb4.16&Prime; background_size=\u00a0\u00bbinitial\u00a0\u00bb background_position=\u00a0\u00bbtop_left\u00a0\u00bb background_repeat=\u00a0\u00bbrepeat\u00a0\u00bb custom_padding=\u00a0\u00bb45px||45px||false|false\u00a0\u00bb locked=\u00a0\u00bboff\u00a0\u00bb global_colors_info=\u00a0\u00bb{}\u00a0\u00bb][et_pb_column type=\u00a0\u00bb4_4&Prime; _builder_version=\u00a0\u00bb4.16&Prime; custom_padding=\u00a0\u00bb|||\u00a0\u00bb global_colors_info=\u00a0\u00bb{}\u00a0\u00bb custom_padding__hover=\u00a0\u00bb|||\u00a0\u00bb][et_pb_image src=\u00a0\u00bbhttps:\/\/www.illustrateur.pro\/wp-content\/uploads\/2019\/06\/Laurent-Lafosse-Orange-MaisonProtegee_Telecommande.jpg\u00a0\u00bb alt=\u00a0\u00bbillustration 3D t\u00e9l\u00e9commande et attache d&rsquo;Orange pour l&rsquo;offre Maison prot\u00e9g\u00e9e\u00a0\u00bb title_text=\u00a0\u00bbLaurent-Lafosse-Orange-MaisonProtegee_Telecommande\u00a0\u00bb _builder_version=\u00a0\u00bb4.19.4&Prime; custom_margin=\u00a0\u00bb||50px||false|false\u00a0\u00bb border_width_all=\u00a0\u00bb1px\u00a0\u00bb border_color_all=\u00a0\u00bb#000000&Prime; global_colors_info=\u00a0\u00bb{}\u00a0\u00bb][\/et_pb_image][et_pb_blurb title=\u00a0\u00bbT\u00e9l\u00e9commande Maison prot\u00e9g\u00e9e &#8211; Orange\u00a0\u00bb url=\u00a0\u00bb#\u00a0\u00bb content_max_width=\u00a0\u00bb1100px\u00a0\u00bb admin_label=\u00a0\u00bbProject\u00a0\u00bb _builder_version=\u00a0\u00bb4.19.4&Prime; header_level=\u00a0\u00bbh2&Prime; header_font=\u00a0\u00bbMontserrat|600|||||||\u00a0\u00bb header_font_size=\u00a0\u00bb20px\u00a0\u00bb header_line_height=\u00a0\u00bb1.3em\u00a0\u00bb body_font=\u00a0\u00bb||||||||\u00a0\u00bb body_font_size=\u00a0\u00bb16px\u00a0\u00bb body_line_height=\u00a0\u00bb1.8em\u00a0\u00bb background_size=\u00a0\u00bbinitial\u00a0\u00bb background_position=\u00a0\u00bbtop_left\u00a0\u00bb background_repeat=\u00a0\u00bbrepeat\u00a0\u00bb width=\u00a0\u00bb100%\u00a0\u00bb max_width=\u00a0\u00bb100%\u00a0\u00bb min_height=\u00a0\u00bb100px\u00a0\u00bb custom_margin=\u00a0\u00bb||50px||false|false\u00a0\u00bb animation_direction=\u00a0\u00bbbottom\u00a0\u00bb animation=\u00a0\u00bboff\u00a0\u00bb border_color_all=\u00a0\u00bb#000000&Prime; global_colors_info=\u00a0\u00bb{}\u00a0\u00bb]<\/p>\n<p><span><strong><\/strong><\/span>R\u00e9alisation des visuels produits <strong>Maison Prot\u00e9g\u00e9e<\/strong> pour Orange. <strong>Illustration 3D<\/strong> puis <strong>retouche<\/strong> Photoshop pour les <strong>guides d&rsquo;utilisation<\/strong> et la pr\u00e9sentation des produits. Livraison des fichiers en RVB &#8211; CMYK, adapt\u00e9s aux diff\u00e9rentes utilisations.<\/p>\n<p>[\/et_pb_blurb][et_pb_image src=\u00a0\u00bbhttps:\/\/www.illustrateur.pro\/wp-content\/uploads\/2019\/06\/Laurent-Lafosse-Orange-MaisonProtegee_Telecommande-dessous.jpg\u00a0\u00bb alt=\u00a0\u00bbDouble page guide Decodeur pour la marque Orange\u00a0\u00bb title_text=\u00a0\u00bbLaurent-Lafosse-Orange-MaisonProtegee_Telecommande-dessous\u00a0\u00bb _builder_version=\u00a0\u00bb4.19.4&Prime; _module_preset=\u00a0\u00bbdefault\u00a0\u00bb custom_margin=\u00a0\u00bb||49px||false|false\u00a0\u00bb border_width_all=\u00a0\u00bb1px\u00a0\u00bb global_colors_info=\u00a0\u00bb{}\u00a0\u00bb][\/et_pb_image][et_pb_image src=\u00a0\u00bbhttps:\/\/www.illustrateur.pro\/wp-content\/uploads\/2023\/01\/Laurent-Lafosse-Orange-MaisonProtegee_Telecommande-dessus-1080x1080px.jpg\u00a0\u00bb title_text=\u00a0\u00bbLaurent-Lafosse-Orange-MaisonProtegee_Telecommande-dessus-1080x1080px\u00a0\u00bb _builder_version=\u00a0\u00bb4.19.4&Prime; _module_preset=\u00a0\u00bbdefault\u00a0\u00bb global_colors_info=\u00a0\u00bb{}\u00a0\u00bb][\/et_pb_image][et_pb_image src=\u00a0\u00bbhttps:\/\/www.illustrateur.pro\/wp-content\/uploads\/2019\/06\/OrangeMaisonProtegee_Telecommande_WIP01.jpg\u00a0\u00bb title_text=\u00a0\u00bbOrangeMaisonProtegee_Telecommande_WIP01&Prime; _builder_version=\u00a0\u00bb4.19.4&Prime; custom_margin=\u00a0\u00bb||100px||false|false\u00a0\u00bb border_width_all=\u00a0\u00bb1px\u00a0\u00bb border_color_all=\u00a0\u00bb#000000&Prime; global_colors_info=\u00a0\u00bb{}\u00a0\u00bb][\/et_pb_image][\/et_pb_column][\/et_pb_row][et_pb_row _builder_version=\u00a0\u00bb4.16&Prime; background_color=\u00a0\u00bbrgba(214,214,214,0.17)\u00a0\u00bb min_height=\u00a0\u00bb30px\u00a0\u00bb custom_margin=\u00a0\u00bb-20px||0px\u00a0\u00bb global_colors_info=\u00a0\u00bb{}\u00a0\u00bb][et_pb_column type=\u00a0\u00bb4_4&Prime; _builder_version=\u00a0\u00bb4.16&Prime; custom_padding=\u00a0\u00bb|||\u00a0\u00bb global_colors_info=\u00a0\u00bb{}\u00a0\u00bb custom_padding__hover=\u00a0\u00bb|||\u00a0\u00bb][et_pb_blurb use_icon=\u00a0\u00bbon\u00a0\u00bb font_icon=\u00a0\u00bb&#xe08a;||divi||400&Prime; icon_color=\u00a0\u00bb#000000&Prime; icon_placement=\u00a0\u00bbleft\u00a0\u00bb image_icon_width=\u00a0\u00bb20px\u00a0\u00bb content_max_width=\u00a0\u00bb1100px\u00a0\u00bb image_icon_width_last_edited=\u00a0\u00bboff|desktop\u00a0\u00bb _builder_version=\u00a0\u00bb4.16&Prime; header_font=\u00a0\u00bb||||||||\u00a0\u00bb body_font=\u00a0\u00bb||||||||\u00a0\u00bb custom_margin=\u00a0\u00bb0px|0px|-30px|10px\u00a0\u00bb custom_padding=\u00a0\u00bb0px||0px|||\u00a0\u00bb animation_style=\u00a0\u00bbfold\u00a0\u00bb animation_direction=\u00a0\u00bbbottom\u00a0\u00bb animation_intensity_fold=\u00a0\u00bb20%\u00a0\u00bb border_style_all=\u00a0\u00bbnone\u00a0\u00bb icon_font_size=\u00a0\u00bb20px\u00a0\u00bb icon_font_size_last_edited=\u00a0\u00bboff|desktop\u00a0\u00bb locked=\u00a0\u00bboff\u00a0\u00bb global_colors_info=\u00a0\u00bb{}\u00a0\u00bb]<\/p>\n<ul>\n<li>Client : Orange<\/li>\n<li>Date : <span>Novembre, 2019<\/span><\/li>\n<li><span>Categorie : Cr\u00e9ation &#8211; Graphisme &#8211; 3D<\/span><\/li>\n<\/ul>\n<p>[\/et_pb_blurb][\/et_pb_column][\/et_pb_row][\/et_pb_section]<\/p>\n","protected":false},"excerpt":{"rendered":"<p>R\u00e9alisation des visuels produits Maison Prot\u00e9g\u00e9e pour Orange. Illustration 3D puis retouche Photoshop pour les guides d&rsquo;utilisation et la pr\u00e9sentation des produits. Livraison des fichiers en RVB &#8211; CMYK, adapt\u00e9s aux diff\u00e9rentes utilisations. Client : Orange Date : Novembre, 2019 Categorie : Cr\u00e9ation &#8211; Graphisme &#8211; 3D<\/p>\n","protected":false},"author":1,"featured_media":1169,"comment_status":"open","ping_status":"closed","template":"","meta":{"_et_pb_use_builder":"on","_et_pb_old_content":"","_et_gb_content_width":"","footnotes":""},"project_category":[7,6,19],"project_tag":[],"class_list":["post-979","project","type-project","status-publish","has-post-thumbnail","hentry","project_category-3d","project_category-illustration","project_category-modelisation"],"_links":{"self":[{"href":"https:\/\/www.illustrateur.pro\/index.php\/wp-json\/wp\/v2\/project\/979","targetHints":{"allow":["GET"]}}],"collection":[{"href":"https:\/\/www.illustrateur.pro\/index.php\/wp-json\/wp\/v2\/project"}],"about":[{"href":"https:\/\/www.illustrateur.pro\/index.php\/wp-json\/wp\/v2\/types\/project"}],"author":[{"embeddable":true,"href":"https:\/\/www.illustrateur.pro\/index.php\/wp-json\/wp\/v2\/users\/1"}],"replies":[{"embeddable":true,"href":"https:\/\/www.illustrateur.pro\/index.php\/wp-json\/wp\/v2\/comments?post=979"}],"version-history":[{"count":5,"href":"https:\/\/www.illustrateur.pro\/index.php\/wp-json\/wp\/v2\/project\/979\/revisions"}],"predecessor-version":[{"id":987,"href":"https:\/\/www.illustrateur.pro\/index.php\/wp-json\/wp\/v2\/project\/979\/revisions\/987"}],"wp:featuredmedia":[{"embeddable":true,"href":"https:\/\/www.illustrateur.pro\/index.php\/wp-json\/wp\/v2\/media\/1169"}],"wp:attachment":[{"href":"https:\/\/www.illustrateur.pro\/index.php\/wp-json\/wp\/v2\/media?parent=979"}],"wp:term":[{"taxonomy":"project_category","embeddable":true,"href":"https:\/\/www.illustrateur.pro\/index.php\/wp-json\/wp\/v2\/project_category?post=979"},{"taxonomy":"project_tag","embeddable":true,"href":"https:\/\/www.illustrateur.pro\/index.php\/wp-json\/wp\/v2\/project_tag?post=979"}],"curies":[{"name":"wp","href":"https:\/\/api.w.org\/{rel}","templated":true}]}}